{"id":12337,"date":"2021-10-18T15:40:43","date_gmt":"2021-10-18T13:40:43","guid":{"rendered":"https:\/\/apply.cnc-cosmetic.de\/produtos\/aesthetic-pharm\/"},"modified":"2021-10-18T15:40:43","modified_gmt":"2021-10-18T13:40:43","slug":"aesthetic-pharm","status":"publish","type":"page","link":"https:\/\/apply.cnc-cosmetic.de\/pt-pt\/produtos\/aesthetic-pharm\/","title":{"rendered":"aesthetic pharm +"},"content":{"rendered":"\t\t<div data-elementor-type=\"wp-page\" data-elementor-id=\"12337\" class=\"elementor elementor-12337\" data-elementor-post-type=\"page\">\n\t\t\t\t\t\t<section class=\"has_eae_slider elementor-section elementor-top-section elementor-element elementor-element-7193bd0b elementor-section-boxed elementor-section-height-default elementor-section-height-default\" data-id=\"7193bd0b\" data-element_type=\"section\" data-settings=\"{&quot;background_background&quot;:&quot;classic&quot;}\">\n\t\t\t\t\t\t<div class=\"elementor-container elementor-column-gap-default\">\n\t\t\t\t\t<div class=\"has_eae_slider elementor-column elementor-col-50 elementor-top-column elementor-element elementor-element-60a2fda1\" data-id=\"60a2fda1\" data-element_type=\"column\">\n\t\t\t<div class=\"elementor-widget-wrap elementor-element-populated\">\n\t\t\t\t\t\t<div class=\"elementor-element elementor-element-0d668ae elementor-widget elementor-widget-text-editor\" data-id=\"0d668ae\" data-element_type=\"widget\" data-widget_type=\"text-editor.default\">\n\t\t\t\t<div class=\"elementor-widget-container\">\n\t\t\t\t\t\t\t<p>Farme est\u00e9tico \u00e9 o cuidado individual da pele para cada situa\u00e7\u00e3o de pele. Na nova linha Concentrate com ingredientes ativos de alta dosagem, voc\u00ea tem a oportunidade de explorar todo o seu potencial. Os concentrados podem ser misturados uns com os outros (efic\u00e1cia comprovada por estudos). Concentrado pessoal individual para cada cliente + cada situa\u00e7\u00e3o de pele. In\u00fameras combina\u00e7\u00f5es s\u00e3o poss\u00edveis. Cremes especiais + m\u00e1scaras completam os cuidados. Visite o nosso semin\u00e1rio farma est\u00e9tico de dia inteiro e qualifique-se como especialista em cuidados com a pele farmac\u00eautica.<\/p>\n\t\t\t\t\t\t<\/div>\n\t\t\t\t<\/div>\n\t\t\t\t\t<\/div>\n\t\t<\/div>\n\t\t\t\t<div class=\"has_eae_slider elementor-column elementor-col-50 elementor-top-column elementor-element elementor-element-6dd5ead8\" data-id=\"6dd5ead8\" data-element_type=\"column\">\n\t\t\t<div class=\"elementor-widget-wrap elementor-element-populated\">\n\t\t\t\t\t\t<div class=\"elementor-element elementor-element-4fa5943c elementor-widget elementor-widget-text-editor\" data-id=\"4fa5943c\" data-element_type=\"widget\" data-widget_type=\"text-editor.default\">\n\t\t\t\t<div class=\"elementor-widget-container\">\n\t\t\t\t\t\t\t<p>Os t\u00f3picos:<br \/>\n\u2013 A pele atrav\u00e9s dos tempos<br \/>\n\u2013 Os ingredientes activos e os seus modos de ac\u00e7\u00e3o<br \/>\n\u2013 Cria\u00e7\u00e3o de combina\u00e7\u00f5es individuais de ingredientes activos<br \/>\n\u2013 Procedimento de tratamento (incluindo o uso de equipamento)<\/p>\n<p>\u2013 Tratamento da pele. Os t\u00f3picos incluem:<br \/>\n\u2013 a pele atrav\u00e9s das idades<br \/>\n\u2013 ingredientes ativos e seus modos de a\u00e7\u00e3o<br \/>\n\u2013 criando combina\u00e7\u00f5es individuais de ingredientes ativos<br \/>\n\u2013 procedimentos de tratamento (incluindo o uso de equipamentos).<\/p>\n\t\t\t\t\t\t<\/div>\n\t\t\t\t<\/div>\n\t\t\t\t\t<\/div>\n\t\t<\/div>\n\t\t\t\t\t<\/div>\n\t\t<\/section>\n\t\t\t\t<\/div>\n\t\t","protected":false},"excerpt":{"rendered":"<p>Farme est\u00e9tico \u00e9 o cuidado individual da pele para cada situa\u00e7\u00e3o de pele. Na nova linha Concentrate com ingredientes ativos de alta dosagem, voc\u00ea tem a oportunidade de explorar todo o seu potencial. Os concentrados podem ser misturados uns com os outros (efic\u00e1cia comprovada por estudos). Concentrado pessoal individual para cada cliente + cada situa\u00e7\u00e3o [&hellip;]<\/p>\n","protected":false},"author":9,"featured_media":0,"parent":12333,"menu_order":0,"comment_status":"closed","ping_status":"closed","template":"page-sub.php","meta":{"footnotes":""},"class_list":["post-12337","page","type-page","status-publish","hentry"],"acf":[],"yoast_head":"<!-- This site is optimized with the Yoast SEO plugin v22.0 - https:\/\/yoast.com\/wordpress\/plugins\/seo\/ -->\n<title>aesthetic pharm + - CNC<\/title>\n<meta name=\"robots\" content=\"noindex, follow, max-snippet:-1, max-image-preview:large, max-video-preview:-1\" \/>\n<meta property=\"og:locale\" content=\"pt_PT\" \/>\n<meta property=\"og:type\" content=\"article\" \/>\n<meta property=\"og:title\" content=\"aesthetic pharm + - CNC\" \/>\n<meta property=\"og:description\" content=\"Farme est\u00e9tico \u00e9 o cuidado individual da pele para cada situa\u00e7\u00e3o de pele. Na nova linha Concentrate com ingredientes ativos de alta dosagem, voc\u00ea tem a oportunidade de explorar todo o seu potencial. Os concentrados podem ser misturados uns com os outros (efic\u00e1cia comprovada por estudos). Concentrado pessoal individual para cada cliente + cada situa\u00e7\u00e3o [&hellip;]\" \/>\n<meta property=\"og:url\" content=\"https:\/\/apply.cnc-cosmetic.de\/pt-pt\/produtos\/aesthetic-pharm\/\" \/>\n<meta property=\"og:site_name\" content=\"CNC\" \/>\n<meta name=\"twitter:card\" content=\"summary_large_image\" \/>\n<meta name=\"twitter:label1\" content=\"Tempo estimado de leitura\" \/>\n\t<meta name=\"twitter:data1\" content=\"1 minuto\" \/>\n<script type=\"application\/ld+json\" class=\"yoast-schema-graph\">{\"@context\":\"https:\/\/schema.org\",\"@graph\":[{\"@type\":\"WebPage\",\"@id\":\"https:\/\/apply.cnc-cosmetic.de\/pt-pt\/produtos\/aesthetic-pharm\/\",\"url\":\"https:\/\/apply.cnc-cosmetic.de\/pt-pt\/produtos\/aesthetic-pharm\/\",\"name\":\"aesthetic pharm + - CNC\",\"isPartOf\":{\"@id\":\"https:\/\/apply.cnc-cosmetic.de\/#website\"},\"datePublished\":\"2021-10-18T13:40:43+00:00\",\"dateModified\":\"2021-10-18T13:40:43+00:00\",\"breadcrumb\":{\"@id\":\"https:\/\/apply.cnc-cosmetic.de\/pt-pt\/produtos\/aesthetic-pharm\/#breadcrumb\"},\"inLanguage\":\"pt-PT\",\"potentialAction\":[{\"@type\":\"ReadAction\",\"target\":[\"https:\/\/apply.cnc-cosmetic.de\/pt-pt\/produtos\/aesthetic-pharm\/\"]}]},{\"@type\":\"BreadcrumbList\",\"@id\":\"https:\/\/apply.cnc-cosmetic.de\/pt-pt\/produtos\/aesthetic-pharm\/#breadcrumb\",\"itemListElement\":[{\"@type\":\"ListItem\",\"position\":1,\"name\":\"Startseite\",\"item\":\"https:\/\/apply.cnc-cosmetic.de\/\"},{\"@type\":\"ListItem\",\"position\":2,\"name\":\"Produtos\",\"item\":\"https:\/\/apply.cnc-cosmetic.de\/pt-pt\/produtos\/\"},{\"@type\":\"ListItem\",\"position\":3,\"name\":\"aesthetic pharm +\"}]},{\"@type\":\"WebSite\",\"@id\":\"https:\/\/apply.cnc-cosmetic.de\/#website\",\"url\":\"https:\/\/apply.cnc-cosmetic.de\/\",\"name\":\"CNC\",\"description\":\"Eine weitere WordPress-Website\",\"publisher\":{\"@id\":\"https:\/\/apply.cnc-cosmetic.de\/#organization\"},\"potentialAction\":[{\"@type\":\"SearchAction\",\"target\":{\"@type\":\"EntryPoint\",\"urlTemplate\":\"https:\/\/apply.cnc-cosmetic.de\/?s={search_term_string}\"},\"query-input\":\"required name=search_term_string\"}],\"inLanguage\":\"pt-PT\"},{\"@type\":\"Organization\",\"@id\":\"https:\/\/apply.cnc-cosmetic.de\/#organization\",\"name\":\"CNC\",\"url\":\"https:\/\/apply.cnc-cosmetic.de\/\",\"logo\":{\"@type\":\"ImageObject\",\"inLanguage\":\"pt-PT\",\"@id\":\"https:\/\/apply.cnc-cosmetic.de\/#\/schema\/logo\/image\/\",\"url\":\"https:\/\/apply.cnc-cosmetic.de\/wp-content\/uploads\/2020\/10\/Logo_CNC_4c_bc.png\",\"contentUrl\":\"https:\/\/apply.cnc-cosmetic.de\/wp-content\/uploads\/2020\/10\/Logo_CNC_4c_bc.png\",\"width\":500,\"height\":341,\"caption\":\"CNC\"},\"image\":{\"@id\":\"https:\/\/apply.cnc-cosmetic.de\/#\/schema\/logo\/image\/\"}}]}<\/script>\n<!-- \/ Yoast SEO plugin. -->","yoast_head_json":{"title":"aesthetic pharm + - CNC","robots":{"index":"noindex","follow":"follow","max-snippet":"max-snippet:-1","max-image-preview":"max-image-preview:large","max-video-preview":"max-video-preview:-1"},"og_locale":"pt_PT","og_type":"article","og_title":"aesthetic pharm + - CNC","og_description":"Farme est\u00e9tico \u00e9 o cuidado individual da pele para cada situa\u00e7\u00e3o de pele. Na nova linha Concentrate com ingredientes ativos de alta dosagem, voc\u00ea tem a oportunidade de explorar todo o seu potencial. Os concentrados podem ser misturados uns com os outros (efic\u00e1cia comprovada por estudos). Concentrado pessoal individual para cada cliente + cada situa\u00e7\u00e3o [&hellip;]","og_url":"https:\/\/apply.cnc-cosmetic.de\/pt-pt\/produtos\/aesthetic-pharm\/","og_site_name":"CNC","twitter_card":"summary_large_image","twitter_misc":{"Tempo estimado de leitura":"1 minuto"},"schema":{"@context":"https:\/\/schema.org","@graph":[{"@type":"WebPage","@id":"https:\/\/apply.cnc-cosmetic.de\/pt-pt\/produtos\/aesthetic-pharm\/","url":"https:\/\/apply.cnc-cosmetic.de\/pt-pt\/produtos\/aesthetic-pharm\/","name":"aesthetic pharm + - CNC","isPartOf":{"@id":"https:\/\/apply.cnc-cosmetic.de\/#website"},"datePublished":"2021-10-18T13:40:43+00:00","dateModified":"2021-10-18T13:40:43+00:00","breadcrumb":{"@id":"https:\/\/apply.cnc-cosmetic.de\/pt-pt\/produtos\/aesthetic-pharm\/#breadcrumb"},"inLanguage":"pt-PT","potentialAction":[{"@type":"ReadAction","target":["https:\/\/apply.cnc-cosmetic.de\/pt-pt\/produtos\/aesthetic-pharm\/"]}]},{"@type":"BreadcrumbList","@id":"https:\/\/apply.cnc-cosmetic.de\/pt-pt\/produtos\/aesthetic-pharm\/#breadcrumb","itemListElement":[{"@type":"ListItem","position":1,"name":"Startseite","item":"https:\/\/apply.cnc-cosmetic.de\/"},{"@type":"ListItem","position":2,"name":"Produtos","item":"https:\/\/apply.cnc-cosmetic.de\/pt-pt\/produtos\/"},{"@type":"ListItem","position":3,"name":"aesthetic pharm +"}]},{"@type":"WebSite","@id":"https:\/\/apply.cnc-cosmetic.de\/#website","url":"https:\/\/apply.cnc-cosmetic.de\/","name":"CNC","description":"Eine weitere WordPress-Website","publisher":{"@id":"https:\/\/apply.cnc-cosmetic.de\/#organization"},"potentialAction":[{"@type":"SearchAction","target":{"@type":"EntryPoint","urlTemplate":"https:\/\/apply.cnc-cosmetic.de\/?s={search_term_string}"},"query-input":"required name=search_term_string"}],"inLanguage":"pt-PT"},{"@type":"Organization","@id":"https:\/\/apply.cnc-cosmetic.de\/#organization","name":"CNC","url":"https:\/\/apply.cnc-cosmetic.de\/","logo":{"@type":"ImageObject","inLanguage":"pt-PT","@id":"https:\/\/apply.cnc-cosmetic.de\/#\/schema\/logo\/image\/","url":"https:\/\/apply.cnc-cosmetic.de\/wp-content\/uploads\/2020\/10\/Logo_CNC_4c_bc.png","contentUrl":"https:\/\/apply.cnc-cosmetic.de\/wp-content\/uploads\/2020\/10\/Logo_CNC_4c_bc.png","width":500,"height":341,"caption":"CNC"},"image":{"@id":"https:\/\/apply.cnc-cosmetic.de\/#\/schema\/logo\/image\/"}}]}},"_links":{"self":[{"href":"https:\/\/apply.cnc-cosmetic.de\/pt-pt\/wp-json\/wp\/v2\/pages\/12337","targetHints":{"allow":["GET"]}}],"collection":[{"href":"https:\/\/apply.cnc-cosmetic.de\/pt-pt\/wp-json\/wp\/v2\/pages"}],"about":[{"href":"https:\/\/apply.cnc-cosmetic.de\/pt-pt\/wp-json\/wp\/v2\/types\/page"}],"author":[{"embeddable":true,"href":"https:\/\/apply.cnc-cosmetic.de\/pt-pt\/wp-json\/wp\/v2\/users\/9"}],"replies":[{"embeddable":true,"href":"https:\/\/apply.cnc-cosmetic.de\/pt-pt\/wp-json\/wp\/v2\/comments?post=12337"}],"version-history":[{"count":0,"href":"https:\/\/apply.cnc-cosmetic.de\/pt-pt\/wp-json\/wp\/v2\/pages\/12337\/revisions"}],"up":[{"embeddable":true,"href":"https:\/\/apply.cnc-cosmetic.de\/pt-pt\/wp-json\/wp\/v2\/pages\/12333"}],"wp:attachment":[{"href":"https:\/\/apply.cnc-cosmetic.de\/pt-pt\/wp-json\/wp\/v2\/media?parent=12337"}],"curies":[{"name":"wp","href":"https:\/\/api.w.org\/{rel}","templated":true}]}}